{"id":315,"date":"2018-01-03T20:47:55","date_gmt":"2018-01-03T19:47:55","guid":{"rendered":"http:\/\/dev.ehomtb.de\/?page_id=315"},"modified":"2020-12-07T21:28:20","modified_gmt":"2020-12-07T20:28:20","slug":"transalp-guide","status":"publish","type":"page","link":"https:\/\/ehomtb.de\/?page_id=315","title":{"rendered":"Transalp-Guide"},"content":{"rendered":"<h3><img loading=\"lazy\" decoding=\"async\" class=\"aligncenter size-full wp-image-451\" src=\"http:\/\/dev.ehomtb.de\/wp-content\/uploads\/2018\/01\/Rahmen-f\u00fcr-Fotoleiste-quer-Alpencross.jpg\" alt=\"\" width=\"1600\" height=\"200\" srcset=\"https:\/\/ehomtb.de\/wp-content\/uploads\/2018\/01\/Rahmen-f\u00fcr-Fotoleiste-quer-Alpencross.jpg 1600w, https:\/\/ehomtb.de\/wp-content\/uploads\/2018\/01\/Rahmen-f\u00fcr-Fotoleiste-quer-Alpencross-300x38.jpg 300w, https:\/\/ehomtb.de\/wp-content\/uploads\/2018\/01\/Rahmen-f\u00fcr-Fotoleiste-quer-Alpencross-768x96.jpg 768w, https:\/\/ehomtb.de\/wp-content\/uploads\/2018\/01\/Rahmen-f\u00fcr-Fotoleiste-quer-Alpencross-1024x128.jpg 1024w\" sizes=\"(max-width: 1600px) 100vw, 1600px\" \/><\/h3>\n<h3 style=\"text-align: center;\"><span style=\"color: #808080;\"><strong>Als Mountainbike-Guide \u00fcber die Alpen<\/strong><br \/>\n<\/span><\/h3>\n<hr \/>\n<p>Seit dem Jahr 2010 bin ich als MTB-Guide t\u00e4tig und f\u00fchre seitdem j\u00e4hrlich mehrere Mountainbikegruppen auf unterschiedlichen Strecken \u00fcber die Alpen.<br \/>\nZiel ist sowohl der &#8222;Klassiker&#8220; unter den Transalps, n\u00e4mlich der Gardasee, als auch der nicht minder reizvoll gelegene Comersee.<\/p>\n<p>Seit der Saison 2013 guide ich nun f\u00fcr <a href=\"http:\/\/www.multicycle-tours.de\/\" target=\"_blank\" rel=\"noopener noreferrer\">Multicycle-Tours,<\/a> einem Tourenanbieter mit Sitz in Wildpoldsried im Allg\u00e4u.<br \/>\nDieses seri\u00f6se Unternehmen bietet f\u00fcr mich als Guide und ganz besonders f\u00fcr die Teilnehmer ein optimales Umfeld und eine hervorragende Organisation beim Abenteuer Alpencross.<br \/>\nIch kann allen interessierten Mountainbikern, die sich den Traum von einer Alpen\u00fcberquerung erf\u00fcllen wollen, die Buchung bei <a href=\"http:\/\/www.multicycle-tours.de\/\" target=\"_blank\" rel=\"noopener noreferrer\">Multicycle-Tours<\/a> ohne Einschr\u00e4nkung empfehlen.<\/p>\n<p>Meine Transalps f\u00fcr <a href=\"http:\/\/www.multicycle-tours.de\/\" target=\"_blank\" rel=\"noopener noreferrer\">Multicycle-Tours<\/a>, die ich f\u00fcr die Saison geplant habe, findet Ihr unter <a href=\"http:\/\/ehomtb.de\/?page_id=115\">Termine<\/a>.<\/p>\n","protected":false},"excerpt":{"rendered":"<p>Als Mountainbike-Guide \u00fcber die Alpen Seit dem Jahr 2010 bin ich als MTB-Guide t\u00e4tig und f\u00fchre seitdem j\u00e4hrlich mehrere Mountainbikegruppen auf unterschiedlichen Strecken \u00fcber die Alpen. Ziel ist sowohl der &#8222;Klassiker&#8220; unter den Transalps, n\u00e4mlich der Gardasee, als auch der nicht minder reizvoll gelegene Comersee. Seit der Saison 2013 guide ich nun f\u00fcr Multicycle-Tours, einem&#8230;<\/p>\n","protected":false},"author":1,"featured_media":0,"parent":0,"menu_order":0,"comment_status":"closed","ping_status":"closed","template":"","meta":{"footnotes":""},"_links":{"self":[{"href":"https:\/\/ehomtb.de\/index.php?rest_route=\/wp\/v2\/pages\/315"}],"collection":[{"href":"https:\/\/ehomtb.de\/index.php?rest_route=\/wp\/v2\/pages"}],"about":[{"href":"https:\/\/ehomtb.de\/index.php?rest_route=\/wp\/v2\/types\/page"}],"author":[{"embeddable":true,"href":"https:\/\/ehomtb.de\/index.php?rest_route=\/wp\/v2\/users\/1"}],"replies":[{"embeddable":true,"href":"https:\/\/ehomtb.de\/index.php?rest_route=%2Fwp%2Fv2%2Fcomments&post=315"}],"version-history":[{"count":22,"href":"https:\/\/ehomtb.de\/index.php?rest_route=\/wp\/v2\/pages\/315\/revisions"}],"predecessor-version":[{"id":1035,"href":"https:\/\/ehomtb.de\/index.php?rest_route=\/wp\/v2\/pages\/315\/revisions\/1035"}],"wp:attachment":[{"href":"https:\/\/ehomtb.de\/index.php?rest_route=%2Fwp%2Fv2%2Fmedia&parent=315"}],"curies":[{"name":"wp","href":"https:\/\/api.w.org\/{rel}","templated":true}]}}